{"id":40,"date":"2017-11-14T10:16:22","date_gmt":"2017-11-14T10:16:22","guid":{"rendered":"http:\/\/proton-classic.dev\/?page_id=40"},"modified":"2021-02-11T21:22:29","modified_gmt":"2021-02-12T00:22:29","slug":"contact-simple","status":"publish","type":"page","link":"https:\/\/silvinababich.com\/?page_id=40","title":{"rendered":"BIO"},"content":{"rendered":"<p>[vc_row row_top_spacing=&#8221;4&#8243; row_bottom_spacing=&#8221;1&#8243;][vc_column][proton_page_heading title=&#8221;Biograf\u00eda + CV&#8221;]<\/p>\n<p class=\"p1\">Artista y curadora focalizada en el desarrollo de pol\u00edticas aplicadas en la renovaci\u00f3n del v\u00ednculo cultura-naturaleza en \u00e1reas ribere\u00f1as a nivel mundial y, en particular, en la extensa cuenca del R\u00edo de La Plata. Sus obras se originan del trabajo de campo y la participaci\u00f3n ciudadana, contemplando aspectos socio-econ\u00f3micoambientales que se expresan mediante programas transdisciplinarios, pr\u00e1cticas perform\u00e1ticas, visuales y curatoriales. Instalaciones p\u00fablicas, tecnolog\u00edas artesanales, acciones paisaj\u00edsticas y publicaciones.<\/p>\n<p>[\/proton_page_heading][vc_empty_space][vc_column_text]<strong>Informaci\u00f3n de contacto<\/strong><\/p>\n<p>+54 9 11 4188 6552<\/p>\n<p><a href=\"mailto:silvinababich@gmail.com\">silvinababich@gmail.com<\/a>[\/vc_column_text][proton_social_media proton_social_media_url_inheritance=&#8221;2&#8243; proton_social_media_facebook_url=&#8221;https:\/\/www.facebook.com\/silvina.babich&#8221; proton_social_media_instagram_url=&#8221;https:\/\/www.instagram.com\/babichsilvina\/&#8221;][vc_empty_space][vc_separator][\/vc_column][\/vc_row][vc_row row_bottom_spacing=&#8221;1&#8243;][vc_column width=&#8221;2\/3&#8243;][vc_column_text]<\/p>\n<h3 class=\"p1\">Antecedentes Acad\u00e9micos<\/h3>\n<p><strong>1991<\/strong> &#8211; Profesora Nacional de Bellas Artes. Escuela Nacional de Bellas Artes Prilidiano Pueyrred\u00f3n.<\/p>\n<p>Desde <strong>1992 se capacita e investiga sobre fibras naturales, sus usos y aplicaciones<\/strong>, con artesanos y productores de la cuenca del R\u00edo de La Plata.<\/p>\n<p><strong>Uso Sustentable de los Recursos Naturales Costeros e Ilustraci\u00f3n cient\u00edfica<\/strong>. Extenci\u00f3n Facultad de Ciencia Naturales. U.N.L.P.-<\/p>\n<p>[\/vc_column_text][vc_separator][vc_column_text]<\/p>\n<h3>Iniciativas<\/h3>\n<p><strong>Fundadora y regente de Ala Pl\u00e1stica.<\/strong><br \/>\nOrganizaci\u00f3n art\u00edstico-ambiental cuyo trabajo consiste en llevar a cabo la conexi\u00f3n de m\u00e9todos ecol\u00f3gicos, sociales y art\u00edsticos, combinando intervenciones directas y conceptos puntualmente definidos a un universo paralelo sin dejar de lado el potencial simb\u00f3lico del arte. \u00c9stos re\u00fanen una trama compleja de intervenciones que articulan al mismo tiempo ecolog\u00eda, sostenibilidad, trabajos en red, mediaci\u00f3n, producci\u00f3n de conocimiento, \u20001 recuperaci\u00f3n de econom\u00edas locales y entramados sociales partiendo de la investigaci\u00f3n participativa. Silvina Babich y Alejandro Meitin. <a href=\"https:\/\/alaplastica.wixsite.com\/alaplastica\">https:\/\/alaplastica.wixsite.com\/alaplastica<\/a><\/p>\n<p><strong>Fundadora y regente de Base Riachuelo<\/strong><br \/>\nEspacio multidisciplinar que explora las posibilidades de arte y comunidad a trav\u00e9s de exhibiciones participativas y proyectos de inter\u00e9s que conectan arte y problem\u00e1ticas de inter\u00e9s comunitario en el \u00e1rea. La Boca, frente al Riachuelo.<\/p>\n<p><strong>Programa Estuario arte y dise\u00f1o<\/strong><br \/>\nIntegra disciplinas y saberes, investiga y capacita sobre materias primas y actualizaci\u00f3n de t\u00e9cnicas para producciones tradicionales de las \u00e1reas costeras del Rio de La Plata y su Delta.[\/vc_column_text][vc_separator][vc_column_text]<\/p>\n<h3>Proyectos y Colaboraciones<\/h3>\n<p><strong>La Silla- MUNAR- La Boca-<\/strong> Acci\u00f3n perform\u00e1tica participativa e itinerante- El proyecto tiene como objeto rehabilitar sillas recolectadas de la calle con el tradicional tejido de junco a partir de montar un taller participativo en diversas \u00e1reas urbanas. Audiovisual de La silla en La Boca, L\u00ednea creaci\u00f3n del Fondo Metropolitano<\/p>\n<p><strong>2020- \u201cDe Puerto en Puerto, sobre el R\u00edo Uruguay\u201d Beca creaci\u00f3n Fondo Nacional de las artes- Segunda etapa, Alto R\u00edo Uruguay-<\/strong> Obra perform\u00e1tica, procesual y vincular. Tiene como eje la experiencia en primera persona en una performance de viaje por los r\u00edos estableciendo contacto con sus habitantes y en particular con aquellos que le permiten la navegaci\u00f3n en embarcaciones, tomando a estas como expresi\u00f3n cultural de la relaci\u00f3n del hombre con el r\u00edo-<\/p>\n<p><strong>2019- Dispositivo de exploraci\u00f3n sobre fibras naturales.MUNAR- La Boca-<\/strong> EL OBRADOR de Munar se convirti\u00f3 durante dos meses en un dispositivo de exploraci\u00f3n de las fibras naturales. El mismo funcion\u00f3 como una instalaci\u00f3n permanente del proceso de aprendizaje y producci\u00f3n de los artistas y sus planteos personales con el material durante este tiempo.<\/p>\n<p><strong>2018 \u201cIf the river running upwards\u201d ( &#8220;Si el r\u00edo corre hacia arriba&#8221;)<\/strong> Invitada a participar de la exposici\u00f3n colectiva por la Galer\u00eda Walter Phillips, titulada \u201cIf the river running upwards\u201d. en el Centro de Artes y Creatividad de Banff, organizaci\u00f3n multidisciplinaria sin fines de lucro ubicada en el Parque Nacional Banff, en Alberta, Canad\u00e1. Del 16 de junio al 26 de agosto.<\/p>\n<p><strong>Transferencia<\/strong> &#8211; Presentaci\u00f3n del video\u201d Transferencia\u201d en el V festival Ni con el P\u00e9talo de una Rosa, Bogot\u00e1, Colombia.<\/p>\n<p><strong>La Silla- Base Riachuelo- La Boca-<\/strong> Acci\u00f3n perform\u00e1tica participativa-<\/p>\n<p><strong>Curadora de la muestra M\u00e1scaras Contempor\u00e1neas-<\/strong> La misma reunir a 18 artistas del pa\u00eds. Museo de Artes Visuales Victor Roverano de Quilmes.<\/p>\n<p><strong>La Matriz- Estrategias de supervivencia en el arte- Base Riachuelo, La Boca-<\/strong> Curadora de la exhibici\u00f3n que reuni\u00f3 a mas de 20 artistas con sus objetos en serie.<\/p>\n<p><strong>Creaci\u00f3n de Base Riachuelo<\/strong><\/p>\n<p><strong>2017 \u201cDe Puerto en Puerto\u201d<\/strong> aplicada sobre el R\u00edo Uruguay , Cuarta edici\u00f3n del Festival Internacional DEL R\u00cdO URUGUAY septiembre de 2017.Primera etapa, tramo fronterizo entre Argentina y Uruguay comprendido entre el R\u00edo Cuareim (trifinio Argentina-uruguay-Brasil) hasta su desembocadura en el R\u00edo de la Plata. en la tercera edici\u00f3n del FIDRU (septiembre de 2017) aplic\u00f3 su obra entre las localidades litorale\u00f1as de Montecaseros, Pcia. De Corrientes, R. Argentina y Bella Uni\u00f3n, Depto. De Artigas, del Uruguay (entre otras).<\/p>\n<p><strong>2016 Riachuelo en transici\u00f3n.<\/strong> Investigaci\u00f3n participativa en torno al Riachuelo junto a Andrea Cuesta Ferrarazo.<\/p>\n<p><strong>Publicaci\u00f3n Aguas Arriba &#8211; Edici\u00f3n integral.<\/strong> Navegaciones de Artistas en el Riachuelo- Aguas Arriba\u2026. es un proceso de investigaci\u00f3n creativa en el espacio acu\u00e1tico y costero de la cuenca baja del Riachuelo a partir de una serie de recorridas y talleres n\u00e1uticos entre 2014 y 2016 con actores del arte y de la cultura como protagonistas. junto a Andrea Cuesta Ferrarazzo, Museo Benito Quinquela Mart\u00edn- Buenos Aires- C\u00e1tedra UNESCO de Turismo Cultural-UNTREF \/ AAMNBA, Buenos Aires, Argentina- Editorial de la Universidad Nacional de La Plata \u2013 EDULP:<\/p>\n<p><strong>Universos Co Habitados<\/strong> \/ Direcci\u00f3n y performance: Alejandro Masseilot \/ Fotograf\u00eda: Silvina Babich \/ Casa Curutchet, Patrimonio Mundial de la Humanidad &#8211; UNESCO Intervenci\u00f3n de la Arquitectura de Le Corbusier Una propuesta transdisciplinaria,procesual y perform\u00e1tica que, mediante encuentros con el lugar y con artistas visuales de las propias ciudades donde se despliega la obra, interacciona con el espacio, el cuerpo y la imagen.<\/p>\n<p><strong>2015. MAPA.sp Instalaci\u00f3n itinerante.<\/strong> En el marco de FIDRU 15 \u2013 segunda edici\u00f3n En el marco de los bicentenarios del Congreso de la Liga de los Pueblo Libres y de la Villa Purificaci\u00f3n El Festival Internacional \u201cDel R\u00edo Uruguay\u201d (FIDRU). La obra reflexiona sobre la relaci\u00f3n con nuestro ambiente, particularmente a trav\u00e9s de las plantas. De qu\u00e9 manera ellas son parte activa en nuestras vidas y nosotros en las de ellas. Villa Elisa, San Jose, Colon, Concepcion del Uruguay, Entre Rios.<\/p>\n<p><strong>2014 \u201cLas Cuencas Como Laboratorios de Gobernanza\u201d <\/strong>Evento internacional que adopt\u00f3 la forma de &#8220;plataforma itinerante de investigaci\u00f3n\u201d enfocando en la Cuenca del Plata c\u00f3mo laboratorio bioregional para re imaginar los nuevos desaf\u00edos ambientales y el dise\u00f1o de pol\u00edticas p\u00fablicas. Iniciativa co-curada por Ala Pl\u00e1stica, m7red y Teddy Cruz del Centro de Ecolog\u00edas Urbanas de la Universidad de California San Diego UCSD con el apoyo de HaudenschildGarage y Fondo Socio-ambiental CASA. M\u00e1s informaci\u00f3n: https:\/\/ cuencaslab.wordpress.com\/<\/p>\n<p><strong>2014: \u201cEVIDENCE: OIL SPILL IN THE RIO DE LA PLATA Citizen Culture:<\/strong> Artists and Architects Shape Policy\u201d, Santa M\u00f3nica Museum of Art SMMoA<\/p>\n<p><strong>\u201cWall Works: Horizon\u201d<\/strong>, Santa Monica Museum; <a href=\"https:\/\/artmap.com\/smmoa\/exhibition\/wallworks- horizon-2014\">https:\/\/artmap.com\/smmoa\/exhibition\/wallworks- horizon-2014<\/a> &#8211; <strong>Video<\/strong>: <a href=\"https:\/\/vimeo.com\/112549626\">https:\/\/vimeo.com\/112549626<\/a><\/p>\n<p><strong>2013 Ecuador politico<\/strong>. Junto A Brian Holmes, grupo Compass y Critical art Ansamble-<\/p>\n<p><strong>2012 &#8211; Aula a la Deriva<\/strong>. Integrado por los colectivos art\u00edsticos LaFundici\u00f3 y Sitesize que han desarrollado diferentes proyectos activaci\u00f3n creativa contextual en la zona metropolitana de Barcelona y bajo la coordinaci\u00f3n de Ala Pl\u00e1stica, present\u00f3 una exposici\u00f3n itinerante del proyecto En paralelo a la exposici\u00f3n se propuso un programa de encuentros e intercambios de pr\u00e1cticas creativas en contextos locales con colectivos dedicados a las artes visuales, a las iniciativas art\u00edsticas, culturales y ciudadanas. Nodos regionales: La Grieta (La Plata), El Levante y el Centro Cultural Parque de Espa\u00f1a (Rosario) y La D\u00e1rsena (Buenos Aires).M\u00e1s Informaci\u00f3n: http:\/\/ccpe.org.ar\/events\/aula-a-la-deriva\/<\/p>\n<p><strong>2012 &#8211; Laboratorio Punta Lara , territorio y radalidad-<\/strong> Ala pl\u00e1stica (argentina)+centro experimental o\u00eddo salvaje (ecuador)- 7 a 12 de octubre. Punta Lara, Territorio y Radialidad Un ejercicio de ciudadan\u00eda en derechos a la comunicaci\u00f3n y a la cultura sonora; un ensayo autogestivo de medios de comunicaci\u00f3n y conocimiento comunitarios a trav\u00e9s de la instalaci\u00f3n de una radio en el vivero experimental El Albard\u00f3n, Punta Lara<\/p>\n<p><strong>2011 &#8211; MDE11<\/strong> &#8211; Desarrollo de un proyecto junto a agentes sociales, culturales y tomadores de decisi\u00f3n de la ciudad de Medell\u00edn destinado a construir a partir del an\u00e1lisis de estructuras urbanas y el sistema natural de la quebrada Santa Elena una trama compleja de intervenciones que relacionan ecolog\u00eda, sostenibilidad, trabajos en red, producci\u00f3n de conocimiento, recuperaci\u00f3n de econom\u00edas locales y entramados sociales. Liderado y realizado por el Museo de Antioquia, Medell\u00edn, Colombia.<\/p>\n<p><strong>2010 &#8211; Oficina Itinerante<\/strong> La oficina itinerante es una estrategia art\u00edstico-ambiental promovida por la Red Delta del Paran\u00e1, dentro del proyecto de \u2018Valorizaci\u00f3n ecol\u00f3gica y cultural de los humedales del Delta del Paran\u00e1\u2019. \u201cHa sido desarrollada con el fin de incidir en conjunto con las comunidades del Delta sobre el Plan Integral Estrat\u00e9gico para la Conservaci\u00f3n y Aprovechamiento Sostenible en el Delta del Paran\u00e1 (PIECAS-DP), que fuera anunciado en setiembre del a\u00f1o 2008 por los gobiernos de las provincias de Santa Fe, Entre R\u00edos y Buenos Aires en conjunto con la Secretar\u00eda de Ambiente y Desarrollo Sustentable de la Naci\u00f3n\u201d .<\/p>\n<p><strong>Fronteras interiores<\/strong> Este fue el termino acu\u00f1ado en la Argentina durante el siglo XIX para anexar los territorios ind\u00edgenas al Estado nacional, lo que signific\u00f3 la marginaci\u00f3n econ\u00f3mica y social cuando no el exterminio liso y llano de esas comunidades. En el marco de la muestra <a href=\"http:\/\/calletomada.blogspot.com\/\">Calle Tomada<\/a>, que se desarroll\u00f3 en el Museo de Arte y Memoria de La Plata, ubicado en calle 9 entre 51 y 53 de La Plata, Ala Pl\u00e1stica present\u00f3 FRONTERAS INTERIORES un ejercicio realizado junto a representantes de la comunidad Qom (Toba) de Villa Bermejito, El Impenetrable, Chaco.<\/p>\n<p><strong>2009 &#8211; <a href=\"https:\/\/transductores.net\/\">Oficina Temporal<\/a>&#8211; Construyendo una nueva mirada de la ciudad.<\/strong> Desde el s\u00e1bado 15 de noviembre la organizaci\u00f3n no gubernamental art\u00edstico &#8211; ambiental Ala Pl\u00e1stica desarrolla distintas actividades en el marco de la instalaci\u00f3n de una \u201coficina temporal\u201d dentro del Museo Municipal de Arte de la ciudad La Plata.<\/p>\n<p><strong>2008 &#8211; <a href=\"http:\/\/www.kultur-natur.net\/\">Kultur &#8211; Natur &#8211;<\/a><\/strong> Foro cultural y contextual de debate que se pregunta sobre conceptos c\u00f3mo &#8220;que es hoy Naturaleza?&#8221; y problemas tales c\u00f3mo desarrollo urbano y calentamiento global, sustentabilidad en arte y medio ambiente, ecolog\u00eda e industria, naturaleza y cultura en el cual se presentan proyectos\/ edificaciones\/ propuestas de planificaci\u00f3n urbana para la ciudad de Hamburgo, enfocados en el desarrollo de las ciudades en t\u00e9rminos de convivencia cultural y crecimiento saludable para el futuro de las metr\u00f3polis.<\/p>\n<p><strong>2007 &#8211; Moisture Project<\/strong> &#8211; Colaboraci\u00f3n junto a Alejandro Meitin, Deena Capparelli y Claude Willey en el experimento Moisture en curso desde 2002. Reintroducci\u00f3n de plantas nativas, tecnolog\u00eda de teleobservaci\u00f3n y estrategias de desviaci\u00f3n de agua en el Desierto del Mojave. Pasadena, Los Angeles, California. EE UU<\/p>\n<p><strong>2005 &#8211; Proyecto AA &#8211;<\/strong> Estudio del \u00e1rea de la Cuenca del Plata dirigido a permitir a las comunidades locales un mejor reconocimiento y abordaje del desarrollo, impactos e implicancias de la ocupaci\u00f3n territorial. Apoyado por la Fundaci\u00f3n JA Clark a trav\u00e9s de Helix Arts. Reino Unido. (Video Disponible)<\/p>\n<p><strong>2004 &#8211; Proyecto R\u00edo Wandse: Actitud Bypass<\/strong> Percepci\u00f3n, la reflexi\u00f3n y la generaci\u00f3n de propuestas acerca de los problemas relacionados entre las estructuras urbanas y el ambiente natural de la cuenca del r\u00edo urbano Wandse de la ciudad de Hamburgo. Invitado por la Galerie fu\u0308r Landschaftskunst en cooperaci\u00f3n con el Departamento para la Protecci\u00f3n del Ambiente de Hamburgo-Wandsbek en cooperaci\u00f3n con el Departamento para Asuntos Culturales de esa ciudad. Apoyado por Kuturstiftung des Bundes http:\/\/www.moseisleybar. de\/spain.html<\/p>\n<p><strong>2003 &#8211; Ex Argentina: Genealog\u00eda de una Crisis.<\/strong> Proyecto de comunicaci\u00f3n realizado por artistas internacionales de diferente extracci\u00f3n con la colaboraci\u00f3n de cient\u00edficos e intelectuales, para dar cuenta de la genealog\u00eda de la crisis argentina como leading case de una situaci\u00f3n mundial: la crisis de la representaci\u00f3n en el arte ligada a la crisis de la representatividad pol\u00edtica. Apoyado por Goethe Institut Internationes y Kuturstiftung des Bundes.<\/p>\n<p><strong>2002 &#8211; Ejercicio de Desplazamiento: R\u00edo Santiago<\/strong> Proyecto participativo de Planificaci\u00f3n p\u00fablica junto a las comunidades asentadas a las m\u00e1rgenes del R\u00edo Santiago. Puerto La Plata. En colaboraci\u00f3n con la organizaci\u00f3n austriaca Cartograf\u00eda at.<\/p>\n<p><strong>2001- Semilla-<\/strong> Escultura en fibras naturales realizada junto a la artista pl\u00e1stica Magdalena Catoggio, en el marco del Primer Encuentro de Escultores de la ciudad de La Plata organizado por el grupo Kubo. El trabajo integra las producciones regionales con las propuestas creativas como alternativas de uso de las mismas.<\/p>\n<p><strong>Proyecto Mimbre &#8211;<\/strong> Una Nueva Mirada para Proyectos Rurales como sost\u00e9n de iniciativas que involucran Salud Rural, Juventud, Lucha contra la Pobreza, inclusi\u00f3n Social y \u20005 Regeneraci\u00f3n Rural. Proyecto de gesti\u00f3n dirigido a lograr la conservaci\u00f3n la diversificaci\u00f3n de aplicaciones para la producci\u00f3n local de mimbre y otras fibras naturales. Apoyado por la Cooperativa de productores de la Costa de Berisso<\/p>\n<p><strong>Las Producciones Art\u00edsticas como Producciones Sociales<\/strong> &#8211; El proyecto prioriza sobre la diversificaci\u00f3n y el uso sustentable de los recursos naturales costeros y ofrece una alternativa de educaci\u00f3n referenciada al medio para los alumnos del 3er ciclo de EGB. Con la participaci\u00f3n de Productores de la Costa de Berisso, Escuela 18 de Berisso, Ministerio de Cultura y Educaci\u00f3n de la Naci\u00f3n y Facultad de Bellas Artes de la UNLP (video disponible)<\/p>\n<p><strong>2000 &#8211; PRESA &#8211; Ejercicio de Participaci\u00f3n en el Jard\u00edn Zool\u00f3gico de La Plata.<\/strong> La comunidad local es de la creaci\u00f3n de nuevas formas de infraestructura en el espacio p\u00fablico, aportando como v\u00ednculo para una regeneraci\u00f3n social y ambiental. los conocimientos y saberes de su trabajo para dise\u00f1o de una bioarquitectura el regional<\/p>\n<p><strong>Recuperaci\u00f3n y Refuncionalizaci\u00f3n del Centro Vecinal de Punta Lara<\/strong> &#8211; Desarrollo y ejecuci\u00f3n de estrategias creativas para el desarrollo sostenible de \u00e1reas costeras tendientes a fortalecer las relaciones entre los habitantes y la localidad de Punta Lara. Proyecto sustentado a partir de talleres y publicaciones mensuales.<\/p>\n<p><strong>1999-2002 Fibras naturales: Una Perspectiva Regional<\/strong> La iniciativa trata de enfocar en la creatividad de las comunidades para explorar la posibilidad de desarrollo de proyectos integrados con la ecolog\u00eda cultural y bio\/f\u00edsica del \u00e1rea.<\/p>\n<p><strong>1997 \u2013 Ejercicio Ginkgo &#8211;<\/strong> Recuperaci\u00f3n de 41 ejemplares de Ginkgo biloba ubicados en el acceso al Museo de Ciencias Naturales de La Plata. Interacci\u00f3n comunitaria con resultados que sustentaron la creatividad social como el medio natural urbano. Amplio rango de participaci\u00f3n p\u00fablica. Auspiciado por la Municipalidad de La Plata, el Museo de Ciencias Naturales y la Fundaci\u00f3n \u201cFrancisco P. Moreno\u201d<\/p>\n<p><strong>Energ\u00edas Alternativas para la Isla Paulino \u2013<\/strong> Proyecto tendiente a la generaci\u00f3n de energ\u00eda alternativa y desarrollo productivo y tur\u00edstico en la costa del Estuario del R\u00edo de la Plata.<\/p>\n<p><strong>1996 \u2013 Proyecto Bio Regional &#8211;<\/strong> Investigaci\u00f3n para el desarrollo de iniciativas sustentables en la regi\u00f3n costera del R\u00edo de La Plata en colaboraci\u00f3n con la Cooperativa de Mimbreros del Delta, Project Environment, Municipalidad de Berazategui. Declarado de Inter\u00e9s Provincial y Municipal por los municipios de La Plata, Berisso, Ensenada y Berazategui. Proyecto auspiciado por The British Council.<\/p>\n<p><strong>1995- Junco \u2013 Especies Emergentes &#8211;<\/strong> Proyecto de apuntalamiento de sistemas naturales en retroceso. Costa del R\u00edo de La Plata, Ensenada. En colaboraci\u00f3n con el Departamento de Bot\u00e1nica de la Facultad de Ciencias Naturales y Museo de la UNLP y Project Environment, UK.) Auspiciado por el British Council.<\/p>\n<p><strong>1994- Energ\u00eda &#8211;<\/strong> Elaboraci\u00f3n y desarrollo de un proyecto educativo referido a la eco-eficiencia empresarial. Escula n\u00ba 5 El Dique. Polo Petroqu\u00edmico Ensenada.<\/p>\n<p><strong>1993 \u2013 Residuos T\u00f3xicos Domicilarios &#8211;<\/strong> Campa\u00f1a p\u00fablica y serie de esculturas contenedoras de pilas, ubicadas dentro del Jard\u00edn Zool\u00f3gico. Declaradas de Inter\u00e9s Cultural por el Concejo Deliberante de La Plata. Paseo del Bosque, La Plata.<\/p>\n<p><strong>La Naturaleza del Arte \u2013<\/strong> 1ras. Jornadas Nacionales de Medio Ambiente. 8-13 noviembre de 1993. Convocatoria a representantes del \u00e1mbito cultural para la reflexi\u00f3n, creaci\u00f3n, montaje y exhibici\u00f3n de obras en el paisaje a partir del reciclado de materiales aportados por la Cooperativa de Talleres Navales del Puerto de La Plata. Con el apoyo de La Embajada Real de los Paises Bajos, la C\u00e1mara de Industriales Gr\u00e1ficos y Afines de La Plata, la Municipalidad de La Plata y el Museo de Ciencias Naturales de la Universidad Nacional de La Plata. La Plata<\/p>\n<p><strong>1992- Recuperaci\u00f3n de la biblioteca del Jard\u00edn Zool\u00f3gico de la Plata para el Programa de Educaci\u00f3n Ambiental en el medio Urbano &#8211;<\/strong> programa desarrollado durante los a\u00f1os 1992\/94, participaron del mismo mas de 1500 alumnos de escuelas primarias del Gran La Plata, seleccionado por la Subsecretar\u00eda de Educaci\u00f3n de la Direcci\u00f3n General de Escuelas para su presentaci\u00f2n en el 2\u00aa Congreso sobre Medios de Comunicaci\u00f3n en la Escuela, Mar del Plata.<\/p>\n<h3><\/h3>\n<p>[\/vc_column_text][vc_separator][vc_column_text]<\/p>\n<h3>Conferencias y Actividad institucional<\/h3>\n<p><strong>2019- Presentaci\u00f3n del libro Aguas Arriba, Navegaciones de Artistas en Riachuelo-<\/strong> (Edici\u00f3n integral y curadur\u00eda) editado por EDULP ( Editorial de la Universidad de La Plata ) Publicaci\u00f3n Multimedia 2015-2016 http:\/\/www.editorial.unlp.edu.ar\/articu\u2026\/\u2026\/5\/14\/aguas_arriba Publicaci\u00f3n Multimedia 2017-2018 <a href=\"http:\/\/sedici.unlp.edu.ar\/handle\/10915\/71654\">http:\/\/sedici.unlp.edu.ar\/handle\/10915\/71654<\/a><\/p>\n<p><strong>2018- Seminario UTOPIA SUR- Proyecto Martin Garcia-<\/strong> Conversaci\u00f3n aluvionar, sedimentos de la experiencia, en el seminario del Proyecto Mart\u00edn Garc\u00eda en el Museo de San Fernando<\/p>\n<p><strong>2017- Presentaci\u00f3n de Aguas Arriba &#8211; en la Bienal &#8220;Mundo Riachuelo 2017&#8221; Junto a Andrea Cuesta Ferrarazo-<\/strong> La Universidad Nacional de Avellaneda, a trav\u00e9s de su Secretar\u00eda de Investigaci\u00f3n e Innovaci\u00f3n Socio Productiva, en el edificio \u201cBeatriz Mendoza\u201d de la Sede del Departamento de Ambiente y Turismo<\/p>\n<p><strong>-Fundaci\u00f3n Proa, presentaci\u00f3n de la publicaci\u00f3n &#8220;Aguas arrib<\/strong>a \/ Navegaciones de artistas en el Riachuelo\u201d Bienal &#8220;Mundo Riachuelo 2017&#8221; Presentaci\u00f3n de Aguas ArribaLa Universidad Nacional de Avellaneda, a trav\u00e9s de su Secretar\u00eda de Investigaci\u00f3n e Innovaci\u00f3n Socio Productiva, en el edificio \u201cBeatriz Mendoza\u201d de la Sede del Departamento de Ambiente y Turismo<\/p>\n<p><strong>-AAMNBA, ( Asociaci\u00f3n amigos del Museo Nacional de Bellas Artes ) Presentaci\u00f3n Publicaci\u00f3n Aguas Arriba-<\/strong> C\u00e1tedra UNESCO de Turismo Cultural-UNTREF \/ Buenos Aires, Argentina-<\/p>\n<p><strong>La diversidad natural y cultural de Avellaneda.<\/strong> Relevamiento junto a Marcelo Miranda y Mario Antonio Castro (INTA) en el Reserva municipal de Avellaneda, donde se encuentra aun hoy la tradicional producci\u00f3n frutihorticola y de vi\u00f1ateros caracter\u00edstica de nuestra costa.<\/p>\n<p><strong>Jardines del Riachuelo<\/strong> (en proceso) Relevamiento fotogr\u00e1fico de jardines en las comunidades de la cuenca baja del Riachuelo Fortalecer la cultura ribere\u00f1a a trav\u00e9s del conocimiento y relaci\u00f3n con su vegetaci\u00f3n. Isla Maciel, Villa 21 24 . Con la colaboraci\u00f3n del INTA Considerando Las plantas como mediadoras de di\u00e1logo, entre las comunidades ribere\u00f1as de la cuenca baja. Rescatar el potencial jardinero de la comunidad ribere\u00f1a, conocimientos, saberes, t\u00e9cnicas. Estimular el conocimiento de la flora nativa, que tienda a restablecer la biodiversidad del \u00e1rea.<\/p>\n<p><strong>2016- Seminario est\u00e9ticas de la participacionIII- Experiencias Iberoamericanas de autogesti\u00f3n cultura.<\/strong> El estado como garante- Militancias territoriales, Presentaci\u00f3n junto a Colectivo Basurama, Matadero, Pilsen Aliance Chicago- Facultad de Arquitectura Urbanismo y Paisaje , Universidad de Chile- Consejo Nacional de la Cultura y las Artes. Santiago de Chile, Chile.<\/p>\n<p><strong>2015- Organizaciones, Territorio y Desarrollo &#8220;Experiencias artisticas, gesti\u00f3n y territorio: continuidades y rupturas de los 80&#8242; hasta hoy.<\/strong> La Grieta, Silvina Babich, Matias David y Ana Longoni. Departamento de Sociolog\u00eda y \u00c1rea de Estudios Politicos Latinoamericanos UNLP. La Plata, Buenos Aires, Argentina.<\/p>\n<p><strong>Relevamiento y elaboraci\u00f3n de una propuesta de arte-acci\u00f3n ambiental para la exhibici\u00f3n Bah\u00eda de Guanabara:<\/strong> Aguas y Vidas Escondidas&#8221; a desarrollarse durante 2016 en el Museo de Arte Contempor\u00e1neo de Niteroi (MAC)<\/p>\n<p><strong>Mares y Rios Infinitos. Campinias Brasil- \u201cLa Vocaci\u00f3n del Lugar<\/strong>. Mirada y Practica Bioregional\u201d Una conversaci\u00f3n entre arte, ciencia y filosof\u00eda. Museo de Imagen y Sonido, En el marco del Seminario A-mares infinitos organizado por la Universidad de Campi\u00f1as. Campi\u00f1as, Brasil<\/p>\n<p><strong>Mimbre en el espacio<\/strong> &#8211; Manejo y Uso del mimbre en el Ambiente Realizaci\u00f3n de piezas en mimbre funcionales para jardines y espacios p\u00fablicos. Reserva Ecol\u00f3gica Costanera Sur &#8211;<\/p>\n<p><strong>2014- Tejiendo compartimos saberes<\/strong> asociados al uso del mimbre y a la cultura costera. Taller a cargo de Silvina Babich \/ Ala Plastica Isla Paulino. Mimbre una perspectiva regional. Organizado por Ala Pl\u00e1stica e INTA Sur-Amba.<\/p>\n<p><strong>2012<\/strong> Soberan\u00eda Alimentaria Dos Puntos Intercambio de Saberes, marcos de discusi\u00f3n y propuestas en torno a la soberan\u00eda Alimentaria. Laboratorio de investigaci\u00f3n y producci\u00f3n art\u00edstica organizado por El Levante en el marco de Redesearte Paz. Rosario.<\/p>\n<p><strong>Territorio y Desterritorializaci\u00f3n.<\/strong> Arte, lazos sociales y naturaleza. Presentaci\u00f3n de Ala Pl\u00e1stica en el ECUNHI. En el marco del taller El Calor coordinado por Eduardo Molinari.<\/p>\n<p><strong>Political Equator 3<\/strong> &#8211; Conversaciones n\u00f3madas a trav\u00e9s de la frontera San Diego \/ Tijuana. Acci\u00f3n peform\u00e1tica centrada en promover un an\u00e1lisis cr\u00edtico de los conflictos econ\u00f3micos, sociales, urbanos y medioambientales a trav\u00e9s de la frontera San Diego &#8211; Tijuana con el fin de evaluar el sentido de la nueva din\u00e1mica geopol\u00edtica mundial de las fronteras. Coorganizado por the Center for Urban Ecologies y el Departamento de Artes Visuales de la Universidad de California San Diego UCSD, y 2 organizaciones de base de ambos lados de la frontera Casa Familiar de San Ysidro, California y Alter Terra de Tijuana, Baja California, Mexico.<\/p>\n<p><strong>Intercambio tecnol\u00f3gico y cultural con la comunidad Qom (Toba) de Villa Bermejito, El Impenetrable, Chaco.<\/strong> Jornadas de capacitaci\u00f3n e intercambio de saberes en fibras naturales. Club Universitario, Punta Lara.<\/p>\n<p><strong>2010-Pr\u00e1cticas agroecol\u00f3gicas para la integraci\u00f3n social-<\/strong> En octubre de 2009, Nina Herberholz y Michael Eicks integrantes de los Jardines Interculturales &lt;!&#8211;[if ! supportFootnotes]&#8211;&gt;de Hamburgo &#8211; Wilhelmsburg, Alemania, visitaron nuestro pa\u00eds invitados por Ala Pl\u00e1stica para llevar adelante una consultor\u00eda intensiva, talleres p\u00fablicos y un programa de investigaci\u00f3n de 3 semanas con el fin intercambiar experiencias entre actores e iniciativas locales relacionadas con producciones de peque\u00f1a agricultura familiar y jardines urbanos y para dar continuidad a una relaci\u00f3n entre los Jardines Interculturales y Ala Pl\u00e1stica que comenz\u00f3 a mediados de 2008 en el marco del proyecto \u201cKultur | Natur\u201d.Formaron parte de la experiencia: la Cooperativa de Productores de la Costa de Berisso, el programa ProHuerta de INTA, Vivero \u201cEl Albard\u00f3n\u201d, Biblioteca del Arroyo Felicaria, <a href=\"http:\/\/archivovivo.blogspot.com\/\">\u201cArchivo Vivo\u201d<\/a>, <a href=\"http:\/\/www.taller.org.ar\/\">Taller Ecologista<\/a>, <a href=\"https:\/\/www.rosario.gob.ar\/web\/\">Programa de Agricultura Urbana Secretaria de Promoci\u00f3n Social Municipalidad de Rosario<\/a>, <a href=\"https:\/\/icei.it\/\">ICEI (Instituto Cooperazione Econ\u00f3mica Internazionale).<\/a><\/p>\n<p><strong>2007 &#8211; Arte y Activismo Transnacional &#8211;<\/strong> Presentaci\u00f3n. Junto a Silvina Babich, Suzanne Lacy, Grant Kester, y Pilar Ria\u00f1o-. Graduate Studies: MFA Public Practice Program. OTIS College of Art and Design. 18th Street Art Center, Santa Monica, California. (DVD)<\/p>\n<p><strong>2005- 1\u00ba Workshoop de Exploraci\u00f3n del Mimbre.<\/strong> Centro Metropolitano de Dise\u00f1o Selecci\u00f3n de casos para la generaci\u00f3n de prototipos en mimbre expuestos en el multievento BAND 05.<\/p>\n<p><strong>2003 &#8211; El Rol de la Cultura en el Marco de la Globalizaci\u00f3n<\/strong> \/ Hamburgo, <strong>Nuevas Formas de Acci\u00f3n<\/strong> \/ Dresden (Dresden Postplatz), <strong>Estrategias de Arquitectura Participativa<\/strong> \/ Berl\u00edn VOLKSB\u00dcNE Rosa-Luxemburg-Platz. Organizado por <strong>Park Fiction<\/strong>, con el apoyo de la <strong>Kulturstiftung des bundes<\/strong>.<\/p>\n<p><strong>2002 \u2013 Usos Creativos del Mimbre en la Argentina.<\/strong> 12 de Enero. Primer Encuentro de Productores y Artesanos del Mimbre. Organizado por INFOR (CORFO), Sociedad Chimbarongo Mimbres Andes LTDA. Municipalidad de Chimbarongo, Chile.<\/p>\n<p><strong>1998 &#8211; \u201cSitios Cr\u00edticos\u201d<\/strong> 09-12 de Septiembre. Dun Laoghaire Institute of Art, Design and Technology. Littoral Conference. Dublin-Irlanda<\/p>\n<h3><\/h3>\n<p>[\/vc_column_text][vc_separator][vc_column_text]<\/p>\n<h3>Exhibiciones<\/h3>\n<p><strong>2019- Curadora de la muestra M\u00e1scaras Contempor\u00e1neas-<\/strong> La misma reunir a 18 artistas del pa\u00eds. Museo de Artes Visuales Victor Roverano de Quilmes.<\/p>\n<p><strong>2018- La Matriz- Estrategias de supervivencia en el arte- Base Riachuelo, La Boca-<\/strong> Curadora de la exhibici\u00f3n que reuni\u00f3 a mas de 20 artistas con sus objetos en serie.<\/p>\n<p><strong>Transferencia<\/strong> &#8211; Presentaci\u00f3n del video Transferencia en el V festival Ni con el P\u00e9talo de una Rosa, Bogot\u00e1, Colombia.<\/p>\n<p><strong>Gira mundial Paris \/ Frankfurt \/ Tokio, Universos Co Habitados- &#8220;Intervencion de la casa Curuchet&#8221;<\/strong>. En el marco del 130 aniversario del nacimiento del Arq. Le Corbusier Exposici\u00f3n fotogr\u00e1fica &#8211; arte urbano &#8211; Direcci\u00f3n y performance: Alejandro Masseilot, Fotograf\u00eda: Silvina Babich. Una propuesta transdisciplinaria,procesual y perform\u00e1tica que, mediante encuentros con el lugar y con artistas visuales de las propias ciudades donde se despliega la obra, interacciona con el espacio, el cuerpo y la imagen.<\/p>\n<p><strong>2017- Exposici\u00f3n patrimonial Quinquela y la m\u00e1quina-<\/strong> Museo Benito Quinquela Mart\u00edn Trabajo de campo en el Astillero Naval Sanym, recuperado por sus trabajadores a comienzos de siglo y dedicado a la transformaci\u00f3n de antiguos buques pesqueros. El documento visual resultante de este registro fusiona las investigaciones ambientales con las preocupaciones est\u00e9ticas de la artista.<\/p>\n<p><strong>M\u00c1SCARA \/ Muestra colectiva en el Congreso de La Naci\u00f3n &#8211; Hemisferios,<\/strong> objetos m\u00e1scaras tejidos en junco- Agosto 2017<\/p>\n<p><strong>2016-. Exposici\u00f3n &#8220;Aguas arriba. Navegaciones de artistas en el Riachuelo&#8221;<\/strong>. Museo Benito Quinquela Mart\u00edn diciembre de 2016 \u00b7Dibujos, pinturas, fotograf\u00edas, videos, esculturas, de artistas contempor\u00e1neos que participaron en la serie de navegaciones por el Riachuelo, coordinadas por Andrea Ferrarazzo y la Direcci\u00f3n de Limpieza (CABA). La muestra recoge una amplia diversidad de miradas acerca del presente del Riachuelo y su entorno.<\/p>\n<p><strong>Intervenci\u00f3n de la Arquitectura de Le Corbusier -Sede de la Facultad de Humanidades y Artes, Universidad Nacional de Rosario. <\/strong>Una propuesta transdisciplinaria, procesual y perform\u00e1tica que, mediante encuentros con el lugar y con artistas visuales de las propias ciudades donde se despliega la obra, interacciona con el espacio, el cuerpo y la imagen.<\/p>\n<p><strong>Hemisferios:<\/strong> indaga en el objeto m\u00e1scara m\u00e1s all\u00e1 de los rostros que expresan sus emociones y \u00e9tnias identitarias considerando la profunda intensidad de lo humano. Un tejido \u200010 entre lo original y lo cultural, lo artesanal y la industria. desarrollado en tres m\u00e1scarasmomentos: la fibra original, la fibra original y prosesada y la fibra prosesada y escrita. Muestra colectiva en el Congreso de La Naci\u00f3n y en el Museo Ra\u00fal Lozza, Alberti, pcia. de Buenos Aires<\/p>\n<p><strong>2015<\/strong> &#8211; Derechos de la Naturaleza: Arte y Ecolog\u00eda en las Am\u00e9ricas. Nottingham Contemporary\u2019s galleries. Nottingham, Reino Unido. Curadores TJ Demos, Alex Farquharson e Irene Aristiz\u00e1bal. Mas informaci\u00f3n http:\/\/www.nottinghamcontemporary.org\/art\/rights-nature<\/p>\n<p><strong>MAPA. sp , instalaci\u00f3n itinerante.<\/strong> Presentaci\u00f3n de la iniciativa en El gato que pelotea. Citty Bell<\/p>\n<p><strong>Curadora de la muestra M\u00c1SCARAS<\/strong> del artista Jorge Garnica, El Museo Arias Rengel de Salta, Argentina<\/p>\n<p><strong>2011- Exposici\u00f3n \u2018Living as Form\u2019, Creative Time, New York<\/strong> Ala Pl\u00e1stica participa en la exposici\u00f3n Living as form Creative Time, Nueva York. Living as form es un proyecto internacional que explora 20 a\u00f1os de proyectos que difuminan los l\u00edmites entre el arte y la vida cotidiana enfatizando la participaci\u00f3n, el di\u00e1logo y el compromiso comunitario.<\/p>\n<p><strong>Arritmias de Contra-Producci\u00f3n: Arte Comprometido en la Argentina, 1995-2011. <\/strong>Una exposici\u00f3n de arte pol\u00edtico argentino producido en la esfera p\u00fablica en los \u00faltimos quince a\u00f1os. La exposici\u00f3n ha sido comisariada especialmente para la UAG por Jennifer Flores Sternad. Apertura 06 de octubre&gt; LA JOLLA &#8211; el University Art Gallery (UAG) en la Universidad de California, San Diego. Los artistas presentes en la exposici\u00f3n combinan las pr\u00e1cticas y la b\u00fasqueda de la experimentaci\u00f3n creativa con metodolog\u00edas y epistemolog\u00edas, tales como las relacionados con la investigaci\u00f3n militante, la pedagog\u00eda radical, la acci\u00f3n directa, la organizaci\u00f3n comunitaria, la cartograf\u00eda cr\u00edtica, los medios de comunicaci\u00f3n t\u00e1ctica y el teatro brechtiano.<\/p>\n<p><strong>2008 &#8211; Citizen Artists<\/strong> 18th Street Arts Center, curado por Adolfo V. Nodal, artistas Los Animistas, Ala Pl\u00e1stica, Lauren Bon, BULBO, CoLabART (Lynn Small + Dennis Paul), Echo Park Film Center, Fallen Fruit, Invisible 5, Natalie Jeremijenko, Newton &amp; Hellen Mayer Harrison, Tom Reddock, Shannon Spanhake, Kim Stringfellow, Robert Tannen. Santa M\u00f3nica. California. Julio 12 \u2013Septiemre 13, 2008<\/p>\n<p><strong>Archivo de las Artes<\/strong> Reactivaci\u00f3n de obras producidas en la regi\u00f3n de Hamburgo y relacionadas con las tem\u00e1ticas de cambio clim\u00e1tico, contaminaci\u00f3n, crecimiento urbano y sostenibilidad. Ala Plastica &#8211; Joseph Beuys- &#8211; Critical Art Ensemble\u2013 Susan Leibovitz Steinman . Hamburgo. 16 de Agosto &#8211; 14 de Septiembre.<\/p>\n<p><strong>Oficina Temporal<\/strong> Espacio abierto de intercambio con la comunidad \u201cpara revelar ideas y pensamientos que brinden la oportunidad de crear nuevos espacios y formas de acci\u00f3n\u201d. Exposici\u00f3n de carpetas con material sobre las distintas acciones e investigaciones que Ala Pl\u00e1stica desarrolla, adem\u00e1s de videos, fotograf\u00edas, modelos y estudios. Museo Municipal de Arte (MUMART) dentro del Centro Cultural Pasaje Dardo Rocha de La Plata. Del 15 al 29 de Noviembre<\/p>\n<p><strong>2005 \u2013 Groundworks: Environmental Collaboration in Contemporary Art.<\/strong> Exhibici\u00f3n. Curada por Grant Kester. The Regina Gouger Miller Gallery, Carnegie Mellon University, Pittsburgh, Pennsylvania, Noviembre 2005<\/p>\n<p><strong>2004 &#8211; Stadtfluss Wandse: Position Bypass. <\/strong>Galerie fu\u0308r Landschaftskunst, Hamburgo <a href=\"http:\/\/www.moseisley-bar.de\/spain.html\">http:\/\/www.moseisley-bar.de\/spain.html<\/a><\/p>\n<p><strong>2000 &#8211; Bunt\u00fas International Artist Collective Exhibition.<\/strong> Ardara Artist Resource Centre. Ardara, Donegal, Irlanda<\/p>\n<p>[\/vc_column_text][vc_separator][vc_column_text]<\/p>\n<h3>Actividad Institucional.<\/h3>\n<p><strong>1998<\/strong> &#8211; Invitada como disertante para la Conferencia \u201cCritical Sites\u201d desarrollada en el Instituto de Arte ,Tecnolog\u00eda y Dise\u00f1o de Dubl\u00edn.<\/p>\n<p>Premiada por el Consejo de las Artes del Norte de Irlanda con el International Artist Residency award.<\/p>\n<p><strong>1996<\/strong> &#8211; ESTRATEGIAS PARA PRACTICAS ARTISTICAS EN EL AMBIENTE &#8211; (Ala Pl\u00e1stica) Conferencia p\u00fablica . Arte-Facto, La Plata.<\/p>\n<p><strong>1995<\/strong> &#8211; Organizador del Seminario ESPECIES EMERGENTES: La Transformaci\u00f3n Cultural Ante El Cambio Global. (Ala Pl\u00e1stica) Auditorio de la Facultad de Ciencias Naturales UNLP, Diciembre 1995 ,Museo de Ciencias Naturales de La Plata.<\/p>\n<p><strong>1994<\/strong>&#8211; <strong>LITTORAL<\/strong> Simposio sobre INICIATIVAS ARTISTICAS EN EL CONTEXTO SOCIAL Y AMBIENTAL, Panel de Iniciativas Art\u00edstico\/Ambientales, por invitaci\u00f3n de University College Salford y Projects Environment. Salford. (UK)<\/p>\n<p><strong>1992<\/strong> &#8211; <strong>PROGRAMA DE EDUCACION AMBIENTAL EN EL MEDIO URBANO<\/strong> &#8211; (Dise\u00f1ado e implementado por Ala Pl\u00e1stica, encargado del Itinerario de Observaci\u00f3n de Ambientes) El programa se desarroll\u00f3 durante los a\u00f1os 1992\/94, participaron del mismo mas de 1500 alumnos de escuelas primarias del Gran La Plata, siendo seleccionado por la Subsecretar\u00eda de educaci\u00f3n de la Direcci\u00f3n General de Escuelas para ser presentado en el 2\u00aa Congreso sobre Medios de Comunicaci\u00f3n en la Escuela, Mar del Plata.<\/p>\n<p><strong>1992<\/strong> &#8211; Fundador de <strong>ALA PLASTICA<\/strong> fundaci\u00f3n que promueve la integraci\u00f3n social en el creciente campo de nuevas practicas e iniciativas[\/vc_column_text][vc_separator][\/vc_column][vc_column width=&#8221;1\/3&#8243;][vc_single_image image=&#8221;707&#8243; img_size=&#8221;medium&#8221; alignment=&#8221;center&#8221;][\/vc_column][\/vc_row]<\/p>\n","protected":false},"excerpt":{"rendered":"<p>[vc_row row_top_spacing=&#8221;4&#8243; row_bottom_spacing=&#8221;1&#8243;][vc_column][proton_page_heading title=&#8221;Biograf\u00eda + CV&#8221;] Artista y curadora focalizada en el desarrollo de pol\u00edticas aplicadas en la renovaci\u00f3n del v\u00ednculo cultura-naturaleza en \u00e1reas ribere\u00f1as a nivel mundial y, en particular, en la extensa cuenca del R\u00edo de La Plata. Sus obras se originan del trabajo de campo y la participaci\u00f3n ciudadana, contemplando aspectos socio-econ\u00f3micoambientales [&hellip;]<\/p>\n","protected":false},"author":2,"featured_media":0,"parent":0,"menu_order":0,"comment_status":"closed","ping_status":"closed","template":"","meta":[],"acf":[],"_links":{"self":[{"href":"https:\/\/silvinababich.com\/index.php?rest_route=\/wp\/v2\/pages\/40"}],"collection":[{"href":"https:\/\/silvinababich.com\/index.php?rest_route=\/wp\/v2\/pages"}],"about":[{"href":"https:\/\/silvinababich.com\/index.php?rest_route=\/wp\/v2\/types\/page"}],"author":[{"embeddable":true,"href":"https:\/\/silvinababich.com\/index.php?rest_route=\/wp\/v2\/users\/2"}],"replies":[{"embeddable":true,"href":"https:\/\/silvinababich.com\/index.php?rest_route=%2Fwp%2Fv2%2Fcomments&post=40"}],"version-history":[{"count":11,"href":"https:\/\/silvinababich.com\/index.php?rest_route=\/wp\/v2\/pages\/40\/revisions"}],"predecessor-version":[{"id":708,"href":"https:\/\/silvinababich.com\/index.php?rest_route=\/wp\/v2\/pages\/40\/revisions\/708"}],"wp:attachment":[{"href":"https:\/\/silvinababich.com\/index.php?rest_route=%2Fwp%2Fv2%2Fmedia&parent=40"}],"curies":[{"name":"wp","href":"https:\/\/api.w.org\/{rel}","templated":true}]}}